{"id":5,"date":"2021-11-03T10:41:05","date_gmt":"2021-11-03T10:41:05","guid":{"rendered":"https:\/\/paris.test\/?page_id=5"},"modified":"2021-11-15T10:29:16","modified_gmt":"2021-11-15T10:29:16","slug":"prva-stran","status":"publish","type":"page","link":"https:\/\/www.zd-lj.si\/paris\/","title":{"rendered":"Prva stran"},"content":{"rendered":"<h1>Projekt PaRIS: <span class=\"homepage-header-small-text\">Ocena izku\u0161enj in izidov zdravstvene oskrbe bolnikov s kroni\u010dnimi nenalezljivimi boleznimi v ambulantah dru\u017einske medicine v Sloveniji<\/span><\/h1>\n<h3>Zakaj<\/h3>\n<div>\n<p>Zdravstvena obravnava prihodnosti mora izhajati iz potreb bolnikov, mora biti celostna in temeljiti na timskem delu. To je posebej pomembno pri bolnikih s kroni\u010dnimi stanji, kjer je obravnava lahko razdrobljena in slab\u0161e koordinirana. Zato je pomembno vedeti, kako bolniki do\u017eivljajo primarno zdravstveno oskrbo in v kolik\u0161ni meri le-ta doprinese h kakovosti njihovega \u017eivljenja. Projekt PaRIS bo pomagal:<\/p>\n<ul class=\"uk-text-default\">\n<li>ODLO\u010cEVALCEM z informacijami o tem, na kaj osredoto\u010diti prizadevanja za izbolj\u0161anje kakovosti zdravstvene oskrbe;<\/li>\n<li>BOLNIKOM izraziti svoje mnenje o izku\u0161njah s primarno zdravstveno oskrbo in njenih rezultatih;<\/li>\n<li>ZDRAVSTVENIM TIMOM izbolj\u0161ati razumevanje, kako izbolj\u0161ati oskrbo.<\/li>\n<\/ul>\n<\/div>\n<div>\n<p>Projekt se osredoto\u010da na obravnavo bolnikov v ambulantah dru\u017einske medicine, starih 45 let ali ve\u010d, med katerimi je okoli dve tretjini tak\u0161nih, pri katerih je prisotno kroni\u010dno stanje. Vklju\u010dili bomo bolnike, ki so zdravstveni tim obiskali v zadnjih 6 mesecih pred zbiranjem podatkov.<\/p>\n<\/div>\n<h3>Kaj<\/h3>\n<h3>Kako<\/h3>\n<div>\n<p>Projekt poteka v treh fazah, od leta 2021 do leta 2023. Prva faza je namenjena prevodu vpra\u0161alnika iz angle\u0161\u010dine v sloven\u0161\u010dino in testiranju njegove razumljivosti. Druga faza je namenjena testiranju metodologije raziskave. Tretja faza pa je namenjena glavni raziskavi, t.j. zbiranju podatkov.<\/p>\n<\/div>\n<div>\n<p>Raziskava poteka pod okriljem OECD. V Slovenijo jo pod okriljem Ministrstva za zdravje izvaja Zdravstveni dom Ljubljana, s partnerjema NIJZ in Katedro za dru\u017einsko medicino MF UL.<\/p>\n<p>Raziskava je sofinancirana skozi program ciljnih raziskovalnih projektov s strani ARRS in MZ, projekt V3-2102.<\/p>\n<\/div>\n<h3>Kdo<\/h3>\n<p><!--more--><br \/>\n<!-- {\"type\":\"layout\",\"children\":[{\"type\":\"section\",\"props\":{\"style\":\"primary\",\"width\":\"default\",\"vertical_align\":\"middle\",\"title_position\":\"top-left\",\"title_rotation\":\"left\",\"title_breakpoint\":\"xl\",\"image_position\":\"center-right\",\"image\":\"wp-content\\\/uploads\\\/2021\\\/11\\\/header.svg\",\"text_color\":\"light\",\"animation\":\"scale-up\",\"class\":\"homepage-header-section\",\"media_visibility\":\"m\"},\"children\":[{\"type\":\"row\",\"children\":[{\"type\":\"column\",\"props\":{\"image_position\":\"center-center\",\"media_overlay_gradient\":\"\"},\"children\":[{\"type\":\"headline\",\"props\":{\"title_element\":\"h1\",\"content\":\"Projekt PaRIS: <span class=\\\"homepage-header-small-text\\\">Ocena izku\\u0161enj in izidov zdravstvene oskrbe bolnikov s kroni\\u010dnimi nenalezljivimi boleznimi v ambulantah dru\\u017einske medicine v Sloveniji<\\\/span>\",\"class\":\"uk-width-3-4@m\",\"text_align\":\"left\",\"text_align_breakpoint\":\"m\",\"text_align_fallback\":\"center\"}}]}]}]},{\"type\":\"section\",\"props\":{\"style\":\"default\",\"width\":\"default\",\"vertical_align\":\"middle\",\"title_position\":\"top-left\",\"title_rotation\":\"left\",\"title_breakpoint\":\"xl\",\"image_position\":\"center-center\",\"padding_remove_bottom\":false},\"children\":[{\"type\":\"row\",\"props\":{\"layout\":\"1-3,2-3\",\"match\":true,\"margin\":\"large\",\"divider\":false,\"margin_remove_bottom\":true,\"class\":\"\"},\"children\":[{\"type\":\"column\",\"props\":{\"image_position\":\"center-center\",\"media_overlay_gradient\":\"\",\"width_medium\":\"1-3\",\"style\":\"secondary\",\"vertical_align\":\"middle\",\"class\":\"mh-210 uk-flex uk-flex-middle\"},\"children\":[{\"type\":\"headline\",\"props\":{\"title_element\":\"h3\",\"content\":\"Zakaj\",\"text_align\":\"center\",\"title_style\":\"heading-medium\",\"class\":\"\"}}]},{\"type\":\"column\",\"props\":{\"image_position\":\"center-center\",\"media_overlay_gradient\":\"\",\"width_medium\":\"2-3\",\"vertical_align\":\"middle\"},\"children\":[{\"type\":\"text\",\"props\":{\"margin\":\"default\",\"column_breakpoint\":\"m\",\"content\":\"\n\n<p>Zdravstvena obravnava prihodnosti mora izhajati iz potreb bolnikov, mora biti celostna in temeljiti na timskem delu. To je posebej pomembno pri bolnikih s kroni\\u010dnimi stanji, kjer je obravnava lahko razdrobljena in slab\\u0161e koordinirana. Zato je pomembno vedeti, kako bolniki do\\u017eivljajo primarno zdravstveno oskrbo in v kolik\\u0161ni meri le-ta doprinese h kakovosti njihovega \\u017eivljenja. Projekt PaRIS bo pomagal:<\\\/p>\\n\n\n<ul class=\\\"uk-text-default\\\">\\n\n\n<li>ODLO\\u010cEVALCEM z informacijami o tem, na kaj osredoto\\u010diti prizadevanja za izbolj\\u0161anje kakovosti zdravstvene oskrbe;<\\\/li>\\n\n\n<li>BOLNIKOM izraziti svoje mnenje o izku\\u0161njah s primarno zdravstveno oskrbo in njenih rezultatih;<\\\/li>\\n\n\n<li>ZDRAVSTVENIM TIMOM izbolj\\u0161ati razumevanje, kako izbolj\\u0161ati oskrbo.<\\\/li>\\n<\\\/ul>\",\"text_size\":\"large\",\"class\":\"el-border-right\"}}]}]},{\"type\":\"row\",\"props\":{\"layout\":\"2-3,1-3\",\"margin\":\"large\",\"margin_remove_top\":false},\"children\":[{\"type\":\"column\",\"props\":{\"image_position\":\"center-center\",\"media_overlay_gradient\":\"\",\"width_medium\":\"2-3\",\"vertical_align\":\"middle\"},\"children\":[{\"type\":\"text\",\"props\":{\"margin\":\"default\",\"column_breakpoint\":\"m\",\"content\":\"\n\n<p>Projekt se osredoto\\u010da na obravnavo bolnikov v ambulantah dru\\u017einske medicine, starih 45 let ali ve\\u010d, med katerimi je okoli dve tretjini tak\\u0161nih, pri katerih je prisotno kroni\\u010dno stanje. Vklju\\u010dili bomo bolnike, ki so zdravstveni tim obiskali v zadnjih 6 mesecih pred zbiranjem podatkov.<\\\/p>\",\"text_size\":\"large\",\"class\":\"el-border-left\"}}]},{\"type\":\"column\",\"props\":{\"image_position\":\"center-center\",\"media_overlay_gradient\":\"\",\"width_medium\":\"1-3\",\"vertical_align\":\"middle\",\"style\":\"secondary\",\"class\":\"uk-background-child-green\"},\"children\":[{\"type\":\"headline\",\"props\":{\"title_element\":\"h3\",\"content\":\"Kaj\",\"title_style\":\"heading-medium\",\"text_align\":\"center\"}}]}]},{\"type\":\"row\",\"props\":{\"layout\":\"1-3,2-3\",\"margin\":\"large\"},\"children\":[{\"type\":\"column\",\"props\":{\"image_position\":\"center-center\",\"media_overlay_gradient\":\"\",\"width_medium\":\"1-3\",\"vertical_align\":\"middle\",\"style\":\"secondary\",\"class\":\"uk-background-child-yellow\"},\"children\":[{\"type\":\"headline\",\"props\":{\"title_element\":\"h3\",\"text_align\":\"center\",\"content\":\"Kako\",\"title_style\":\"heading-medium\"}}]},{\"type\":\"column\",\"props\":{\"image_position\":\"center-center\",\"media_overlay_gradient\":\"\",\"width_medium\":\"2-3\",\"vertical_align\":\"middle\"},\"children\":[{\"type\":\"text\",\"props\":{\"margin\":\"default\",\"column_breakpoint\":\"m\",\"content\":\"\n\n<p>Projekt poteka v treh fazah, od leta 2021 do leta 2023. Prva faza je namenjena prevodu vpra\\u0161alnika iz angle\\u0161\\u010dine v sloven\\u0161\\u010dino in testiranju njegove razumljivosti. Druga faza je namenjena testiranju metodologije raziskave. Tretja faza pa je namenjena glavni raziskavi, t.j. zbiranju podatkov.<\\\/p>\",\"text_size\":\"large\",\"class\":\"el-border-right\"}}]}]},{\"type\":\"row\",\"props\":{\"layout\":\"2-3,1-3\",\"margin\":\"large\"},\"children\":[{\"type\":\"column\",\"props\":{\"image_position\":\"center-center\",\"media_overlay_gradient\":\"\",\"width_medium\":\"2-3\",\"vertical_align\":\"middle\"},\"children\":[{\"type\":\"text\",\"props\":{\"margin\":\"default\",\"column_breakpoint\":\"m\",\"content\":\"\n\n<p>Raziskava poteka pod okriljem OECD. V Slovenijo jo pod okriljem Ministrstva za zdravje izvaja Zdravstveni dom Ljubljana, s partnerjema NIJZ in Katedro za dru\\u017einsko medicino MF UL.<\\\/p>\\n\n\n<p>Raziskava je sofinancirana skozi program ciljnih raziskovalnih projektov s strani ARRS in MZ, projekt V3-2102.<\\\/p>\",\"text_size\":\"large\",\"class\":\"el-border-left\"}}]},{\"type\":\"column\",\"props\":{\"image_position\":\"center-center\",\"media_overlay_gradient\":\"\",\"width_medium\":\"1-3\",\"vertical_align\":\"middle\",\"style\":\"secondary\",\"class\":\"uk-background-child-red\"},\"children\":[{\"type\":\"headline\",\"props\":{\"title_element\":\"h3\",\"content\":\"Kdo\",\"title_style\":\"heading-medium\",\"text_align\":\"center\"}}]}]}]}],\"version\":\"2.6.9\"} --><\/p>\n","protected":false},"excerpt":{"rendered":"<p>Projekt PaRIS: Ocena izku\u0161enj in izidov zdravstvene oskrbe bolnikov s kroni\u010dnimi nenalezljivimi boleznimi v ambulantah dru\u017einske medicine v Sloveniji Zakaj Zdravstvena obravnava prihodnosti mora izhajati iz potreb bolnikov, mora biti celostna in temeljiti na timskem delu. To je posebej pomembno pri bolnikih s kroni\u010dnimi stanji, kjer je obravnava lahko razdrobljena in slab\u0161e koordinirana. Zato je [&hellip;]<\/p>\n","protected":false},"author":1,"featured_media":0,"parent":0,"menu_order":0,"comment_status":"closed","ping_status":"closed","template":"","meta":{"inline_featured_image":false},"_links":{"self":[{"href":"https:\/\/www.zd-lj.si\/paris\/index.php?rest_route=\/wp\/v2\/pages\/5"}],"collection":[{"href":"https:\/\/www.zd-lj.si\/paris\/index.php?rest_route=\/wp\/v2\/pages"}],"about":[{"href":"https:\/\/www.zd-lj.si\/paris\/index.php?rest_route=\/wp\/v2\/types\/page"}],"author":[{"embeddable":true,"href":"https:\/\/www.zd-lj.si\/paris\/index.php?rest_route=\/wp\/v2\/users\/1"}],"replies":[{"embeddable":true,"href":"https:\/\/www.zd-lj.si\/paris\/index.php?rest_route=%2Fwp%2Fv2%2Fcomments&post=5"}],"version-history":[{"count":61,"href":"https:\/\/www.zd-lj.si\/paris\/index.php?rest_route=\/wp\/v2\/pages\/5\/revisions"}],"predecessor-version":[{"id":212,"href":"https:\/\/www.zd-lj.si\/paris\/index.php?rest_route=\/wp\/v2\/pages\/5\/revisions\/212"}],"wp:attachment":[{"href":"https:\/\/www.zd-lj.si\/paris\/index.php?rest_route=%2Fwp%2Fv2%2Fmedia&parent=5"}],"curies":[{"name":"wp","href":"https:\/\/api.w.org\/{rel}","templated":true}]}}